{"id":4777,"date":"2018-04-08T13:58:02","date_gmt":"2018-04-08T12:58:02","guid":{"rendered":"http:\/\/psoecanarias.com\/web\/?page_id=4777"},"modified":"2018-04-08T15:59:46","modified_gmt":"2018-04-08T14:59:46","slug":"el-comite-regional-del-psoe-dice-no-a-las-primarias-abiertas-y-al-gas-ciudad","status":"publish","type":"page","link":"https:\/\/psoecanarias.com\/web\/el-comite-regional-del-psoe-dice-no-a-las-primarias-abiertas-y-al-gas-ciudad\/","title":{"rendered":"El Comit\u00e9 Regional del PSOE dice \u2018no\u2019 a las primarias abiertas y al gas ciudad"},"content":{"rendered":"<p>El Comit\u00e9 Regional del PSOE Canarias ha rechazado de manera rotunda tener un modelo de primarias abiertas para la elecci\u00f3n de candidaturas a la presidencia del Gobierno de Canarias, as\u00ed como la implantaci\u00f3n del gas ciudad.<\/p>\n<p>El m\u00e1ximo \u00f3rgano de control del Partido Socialista en Canarias, reunido este s\u00e1bado en Santa Cruz de Tenerife, ha rechazado de forma contundente (87 votos en contra, 17 a favor y 8 abstenciones) una resoluci\u00f3n presentada al Comit\u00e9 Regional, en la que se propon\u00eda realizar el proceso de primarias abiertas para la presidencia del Gobierno de Canarias, en los municipios de m\u00e1s de 50.000 habitantes donde el PSOE no gobierne ni cogobierne.<\/p>\n<p>Del mismo modo, ha rechazado, de manera categ\u00f3rica, con 92 votos a favor, 1 abstenci\u00f3n y ning\u00fan voto en contra, la implantaci\u00f3n del gas ciudad en Canarias. La apuesta socialista es por el uso de energ\u00edas limpias.<\/p>\n<p>Se pone de manifiesto que el PSOE Canarias entiende la necesidad del gas natural, por ejemplo, para el suministro a buques, pero rechaza la implantaci\u00f3n en las islas del gas ciudad, al considerar que se trata de un modelo innecesario, costoso y que constituye un obst\u00e1culo para el desarrollo de un modelo energ\u00e9tico basado en las energ\u00edas limpias y no contaminantes.<\/p>\n<p>Por otra parte, el Comit\u00e9 Regional aprob\u00f3 diferentes resoluciones como la necesidad de que la reforma electoral en Canarias sea una realidad en las elecciones de 2019, que respete la proporcionalidad sin detraer ninguno de los diputados designados actualmente. Debe a\u00f1adirse uno a Fuerteventura y, con respecto a las barreras, la propuesta rebajar las insulares del 30% al 15% y del 6% al 3% las regionales. La f\u00f3rmula debe ser a trav\u00e9s de lista regional y cualquier otra, que cabe consensuar, tendr\u00e1 que ser aprobada en un congreso o a trav\u00e9s de la militancia. En caso de que no se consiga reformarla en Canarias tendr\u00e1 que hacerse en Madrid, en el Congreso de los Diputados.<\/p>\n<p>Adem\u00e1s, se aprobaron resoluciones para la mejora de los sistemas p\u00fablicos, entre los que se destaca la necesidad de derogar la reforma laboral para garantizar el sistema p\u00fablico de pensiones; un Sistema Sanitario de derechos universales trabajando en la modernizaci\u00f3n, el fortalecimiento y la sostenibilidad de una Sanidad P\u00fablica de calidad y con financiaci\u00f3n y provisi\u00f3n p\u00fablica; la aprobaci\u00f3n de una resoluci\u00f3n para la defensa de la Ley de la Memoria Hist\u00f3rica; tambi\u00e9n exigir al Gobierno de Espa\u00f1a que firme el convenio de carreteras e instar al Gobierno de Canarias que ejecute mejor las partidas econ\u00f3micas para infraestructuras viarias.<\/p>\n<p>Juventudes Socialistas solicit\u00f3 al PSOE Canarias que denuncie la precariedad laboral de los j\u00f3venes y que el Grupo Parlamentario Socialista en el Parlamento de Canarias proponga una Proposici\u00f3n No de Ley que muestre el rechazo de la c\u00e1mara a la actual regulaci\u00f3n de los contratos en pr\u00e1cticas, as\u00ed como el de formaci\u00f3n y aprendizaje.<\/p>\n<p>Entre otras resoluciones llevadas el mismo d\u00eda por miembros del Comit\u00e9 a este \u00f3rgano, no prosper\u00f3 una que exig\u00eda que el PSOE votara, junto a otras formaciones pol\u00edticas, propuestas que tuviesen paridad. En ese sentido se defendi\u00f3 que el PSOE cumple siempre con sus propuestas paritarias y lo reclama a otras formaciones pol\u00edticas. En cualquier caso, se a\u00f1adi\u00f3 que el PSOE ha realizado propuestas de ley para que la paridad sea obligatoria en las propuestas que se hagan con otras formaciones pol\u00edticas.<\/p>\n<p>De la misma manera, se aprob\u00f3 un\u00e1nimemente (votos a favor 89, ninguno en contra y 4 abstenciones), otra resoluci\u00f3n presentada el mismo d\u00eda, sobre la movilidad y el problema del cierre nocturno del aeropuerto Reina Sof\u00eda. Por ello el texto aprobado insta a denunciar la escasa previsi\u00f3n del \u00e1rea de Transporte y Movilidad del Cabildo de Tenerife, del Gobierno de Canarias, del Ministerio de Fomento y de Aena; as\u00ed como que se apoye la construcci\u00f3n de la segunda pista en el aeropuerto de Tenerife Sur Reina Sof\u00eda, de acuerdo al Plan Director de 1977 que evite la repetici\u00f3n de esta situaci\u00f3n en el futuro.<\/p>\n<p>Finalmente, el Comit\u00e9 Regional del PSOE Canarias tambi\u00e9n aprob\u00f3 los presupuestos presentados por la Ejecutiva, as\u00ed como los ambiciosos planes de trabajo de las \u00e1reas del partido.<\/p>\n<p>Tal y como afirm\u00f3 el Secretario General, \u00c1ngel V\u00edctor Torres, \u201ceste plan es nuestra apuesta de trabajo para una Canarias nueva, porque sin duda, otra Canarias es posible. Una Canarias basada en la Justicia Social, la Econom\u00eda Solidaria, y el Territorio Sostenible\u201d.<\/p>\n","protected":false},"excerpt":{"rendered":"<p>El Comit\u00e9 Regional del PSOE Canarias ha rechazado de manera rotunda tener un modelo de primarias abiertas para la elecci\u00f3n de candidaturas a la presidencia del Gobierno de Canarias, as\u00ed como la implantaci\u00f3n del gas ciudad. El m\u00e1ximo \u00f3rgano de control del Partido Socialista en Canarias, reunido este s\u00e1bado en Santa Cruz de Tenerife, ha [&hellip;]<\/p>\n","protected":false},"author":1,"featured_media":4778,"parent":0,"menu_order":0,"comment_status":"closed","ping_status":"closed","template":"","meta":{"footnotes":""},"class_list":["post-4777","page","type-page","status-publish","has-post-thumbnail","hentry"],"featured_image_src":"https:\/\/psoecanarias.com\/web\/wp-content\/uploads\/2018\/04\/angel-victor.jpeg","yoast_head":"<!-- This site is optimized with the Yoast SEO plugin v27.2 - https:\/\/yoast.com\/product\/yoast-seo-wordpress\/ -->\n<title>El Comit\u00e9 Regional del PSOE dice \u2018no\u2019 a las primarias abiertas y al gas ciudad | PSOE Canarias<\/title>\n<meta name=\"robots\" content=\"index, follow, max-snippet:-1, max-image-preview:large, max-video-preview:-1\" \/>\n<link rel=\"canonical\" href=\"https:\/\/psoecanarias.com\/web\/el-comite-regional-del-psoe-dice-no-a-las-primarias-abiertas-y-al-gas-ciudad\/\" \/>\n<meta property=\"og:locale\" content=\"es_ES\" \/>\n<meta property=\"og:type\" content=\"article\" \/>\n<meta property=\"og:title\" content=\"El Comit\u00e9 Regional del PSOE dice \u2018no\u2019 a las primarias abiertas y al gas ciudad | PSOE Canarias\" \/>\n<meta property=\"og:description\" content=\"El Comit\u00e9 Regional del PSOE Canarias ha rechazado de manera rotunda tener un modelo de primarias abiertas para la elecci\u00f3n de candidaturas a la presidencia del Gobierno de Canarias, as\u00ed como la implantaci\u00f3n del gas ciudad. El m\u00e1ximo \u00f3rgano de control del Partido Socialista en Canarias, reunido este s\u00e1bado en Santa Cruz de Tenerife, ha [&hellip;]\" \/>\n<meta property=\"og:url\" content=\"https:\/\/psoecanarias.com\/web\/el-comite-regional-del-psoe-dice-no-a-las-primarias-abiertas-y-al-gas-ciudad\/\" \/>\n<meta property=\"og:site_name\" content=\"PSOE Canarias\" \/>\n<meta property=\"article:modified_time\" content=\"2018-04-08T14:59:46+00:00\" \/>\n<meta property=\"og:image\" content=\"https:\/\/psoecanarias.com\/web\/wp-content\/uploads\/2018\/04\/angel-victor.jpeg\" \/>\n\t<meta property=\"og:image:width\" content=\"1600\" \/>\n\t<meta property=\"og:image:height\" content=\"1068\" \/>\n\t<meta property=\"og:image:type\" content=\"image\/jpeg\" \/>\n<meta name=\"twitter:card\" content=\"summary_large_image\" \/>\n<script type=\"application\/ld+json\" class=\"yoast-schema-graph\">{\"@context\":\"https:\/\/schema.org\",\"@graph\":[{\"@type\":\"WebPage\",\"@id\":\"https:\/\/psoecanarias.com\/web\/el-comite-regional-del-psoe-dice-no-a-las-primarias-abiertas-y-al-gas-ciudad\/\",\"url\":\"https:\/\/psoecanarias.com\/web\/el-comite-regional-del-psoe-dice-no-a-las-primarias-abiertas-y-al-gas-ciudad\/\",\"name\":\"El Comit\u00e9 Regional del PSOE dice \u2018no\u2019 a las primarias abiertas y al gas ciudad | PSOE Canarias\",\"isPartOf\":{\"@id\":\"https:\/\/psoecanarias.com\/web\/#website\"},\"primaryImageOfPage\":{\"@id\":\"https:\/\/psoecanarias.com\/web\/el-comite-regional-del-psoe-dice-no-a-las-primarias-abiertas-y-al-gas-ciudad\/#primaryimage\"},\"image\":{\"@id\":\"https:\/\/psoecanarias.com\/web\/el-comite-regional-del-psoe-dice-no-a-las-primarias-abiertas-y-al-gas-ciudad\/#primaryimage\"},\"thumbnailUrl\":\"https:\/\/psoecanarias.com\/web\/wp-content\/uploads\/2018\/04\/angel-victor.jpeg\",\"datePublished\":\"2018-04-08T12:58:02+00:00\",\"dateModified\":\"2018-04-08T14:59:46+00:00\",\"breadcrumb\":{\"@id\":\"https:\/\/psoecanarias.com\/web\/el-comite-regional-del-psoe-dice-no-a-las-primarias-abiertas-y-al-gas-ciudad\/#breadcrumb\"},\"inLanguage\":\"es\",\"potentialAction\":[{\"@type\":\"ReadAction\",\"target\":[\"https:\/\/psoecanarias.com\/web\/el-comite-regional-del-psoe-dice-no-a-las-primarias-abiertas-y-al-gas-ciudad\/\"]}]},{\"@type\":\"ImageObject\",\"inLanguage\":\"es\",\"@id\":\"https:\/\/psoecanarias.com\/web\/el-comite-regional-del-psoe-dice-no-a-las-primarias-abiertas-y-al-gas-ciudad\/#primaryimage\",\"url\":\"https:\/\/psoecanarias.com\/web\/wp-content\/uploads\/2018\/04\/angel-victor.jpeg\",\"contentUrl\":\"https:\/\/psoecanarias.com\/web\/wp-content\/uploads\/2018\/04\/angel-victor.jpeg\",\"width\":1600,\"height\":1068},{\"@type\":\"BreadcrumbList\",\"@id\":\"https:\/\/psoecanarias.com\/web\/el-comite-regional-del-psoe-dice-no-a-las-primarias-abiertas-y-al-gas-ciudad\/#breadcrumb\",\"itemListElement\":[{\"@type\":\"ListItem\",\"position\":1,\"name\":\"Portada\",\"item\":\"https:\/\/psoecanarias.com\/web\/\"},{\"@type\":\"ListItem\",\"position\":2,\"name\":\"El Comit\u00e9 Regional del PSOE dice \u2018no\u2019 a las primarias abiertas y al gas ciudad\"}]},{\"@type\":\"WebSite\",\"@id\":\"https:\/\/psoecanarias.com\/web\/#website\",\"url\":\"https:\/\/psoecanarias.com\/web\/\",\"name\":\"PSOE Canarias\",\"description\":\"Partido Socialista Obrero Espa\u00f1ol Canarias\",\"potentialAction\":[{\"@type\":\"SearchAction\",\"target\":{\"@type\":\"EntryPoint\",\"urlTemplate\":\"https:\/\/psoecanarias.com\/web\/?s={search_term_string}\"},\"query-input\":{\"@type\":\"PropertyValueSpecification\",\"valueRequired\":true,\"valueName\":\"search_term_string\"}}],\"inLanguage\":\"es\"}]}<\/script>\n<!-- \/ Yoast SEO plugin. -->","yoast_head_json":{"title":"El Comit\u00e9 Regional del PSOE dice \u2018no\u2019 a las primarias abiertas y al gas ciudad | PSOE Canarias","robots":{"index":"index","follow":"follow","max-snippet":"max-snippet:-1","max-image-preview":"max-image-preview:large","max-video-preview":"max-video-preview:-1"},"canonical":"https:\/\/psoecanarias.com\/web\/el-comite-regional-del-psoe-dice-no-a-las-primarias-abiertas-y-al-gas-ciudad\/","og_locale":"es_ES","og_type":"article","og_title":"El Comit\u00e9 Regional del PSOE dice \u2018no\u2019 a las primarias abiertas y al gas ciudad | PSOE Canarias","og_description":"El Comit\u00e9 Regional del PSOE Canarias ha rechazado de manera rotunda tener un modelo de primarias abiertas para la elecci\u00f3n de candidaturas a la presidencia del Gobierno de Canarias, as\u00ed como la implantaci\u00f3n del gas ciudad. El m\u00e1ximo \u00f3rgano de control del Partido Socialista en Canarias, reunido este s\u00e1bado en Santa Cruz de Tenerife, ha [&hellip;]","og_url":"https:\/\/psoecanarias.com\/web\/el-comite-regional-del-psoe-dice-no-a-las-primarias-abiertas-y-al-gas-ciudad\/","og_site_name":"PSOE Canarias","article_modified_time":"2018-04-08T14:59:46+00:00","og_image":[{"width":1600,"height":1068,"url":"https:\/\/psoecanarias.com\/web\/wp-content\/uploads\/2018\/04\/angel-victor.jpeg","type":"image\/jpeg"}],"twitter_card":"summary_large_image","schema":{"@context":"https:\/\/schema.org","@graph":[{"@type":"WebPage","@id":"https:\/\/psoecanarias.com\/web\/el-comite-regional-del-psoe-dice-no-a-las-primarias-abiertas-y-al-gas-ciudad\/","url":"https:\/\/psoecanarias.com\/web\/el-comite-regional-del-psoe-dice-no-a-las-primarias-abiertas-y-al-gas-ciudad\/","name":"El Comit\u00e9 Regional del PSOE dice \u2018no\u2019 a las primarias abiertas y al gas ciudad | PSOE Canarias","isPartOf":{"@id":"https:\/\/psoecanarias.com\/web\/#website"},"primaryImageOfPage":{"@id":"https:\/\/psoecanarias.com\/web\/el-comite-regional-del-psoe-dice-no-a-las-primarias-abiertas-y-al-gas-ciudad\/#primaryimage"},"image":{"@id":"https:\/\/psoecanarias.com\/web\/el-comite-regional-del-psoe-dice-no-a-las-primarias-abiertas-y-al-gas-ciudad\/#primaryimage"},"thumbnailUrl":"https:\/\/psoecanarias.com\/web\/wp-content\/uploads\/2018\/04\/angel-victor.jpeg","datePublished":"2018-04-08T12:58:02+00:00","dateModified":"2018-04-08T14:59:46+00:00","breadcrumb":{"@id":"https:\/\/psoecanarias.com\/web\/el-comite-regional-del-psoe-dice-no-a-las-primarias-abiertas-y-al-gas-ciudad\/#breadcrumb"},"inLanguage":"es","potentialAction":[{"@type":"ReadAction","target":["https:\/\/psoecanarias.com\/web\/el-comite-regional-del-psoe-dice-no-a-las-primarias-abiertas-y-al-gas-ciudad\/"]}]},{"@type":"ImageObject","inLanguage":"es","@id":"https:\/\/psoecanarias.com\/web\/el-comite-regional-del-psoe-dice-no-a-las-primarias-abiertas-y-al-gas-ciudad\/#primaryimage","url":"https:\/\/psoecanarias.com\/web\/wp-content\/uploads\/2018\/04\/angel-victor.jpeg","contentUrl":"https:\/\/psoecanarias.com\/web\/wp-content\/uploads\/2018\/04\/angel-victor.jpeg","width":1600,"height":1068},{"@type":"BreadcrumbList","@id":"https:\/\/psoecanarias.com\/web\/el-comite-regional-del-psoe-dice-no-a-las-primarias-abiertas-y-al-gas-ciudad\/#breadcrumb","itemListElement":[{"@type":"ListItem","position":1,"name":"Portada","item":"https:\/\/psoecanarias.com\/web\/"},{"@type":"ListItem","position":2,"name":"El Comit\u00e9 Regional del PSOE dice \u2018no\u2019 a las primarias abiertas y al gas ciudad"}]},{"@type":"WebSite","@id":"https:\/\/psoecanarias.com\/web\/#website","url":"https:\/\/psoecanarias.com\/web\/","name":"PSOE Canarias","description":"Partido Socialista Obrero Espa\u00f1ol Canarias","potentialAction":[{"@type":"SearchAction","target":{"@type":"EntryPoint","urlTemplate":"https:\/\/psoecanarias.com\/web\/?s={search_term_string}"},"query-input":{"@type":"PropertyValueSpecification","valueRequired":true,"valueName":"search_term_string"}}],"inLanguage":"es"}]}},"_links":{"self":[{"href":"https:\/\/psoecanarias.com\/web\/wp-json\/wp\/v2\/pages\/4777","targetHints":{"allow":["GET"]}}],"collection":[{"href":"https:\/\/psoecanarias.com\/web\/wp-json\/wp\/v2\/pages"}],"about":[{"href":"https:\/\/psoecanarias.com\/web\/wp-json\/wp\/v2\/types\/page"}],"author":[{"embeddable":true,"href":"https:\/\/psoecanarias.com\/web\/wp-json\/wp\/v2\/users\/1"}],"replies":[{"embeddable":true,"href":"https:\/\/psoecanarias.com\/web\/wp-json\/wp\/v2\/comments?post=4777"}],"version-history":[{"count":2,"href":"https:\/\/psoecanarias.com\/web\/wp-json\/wp\/v2\/pages\/4777\/revisions"}],"predecessor-version":[{"id":4783,"href":"https:\/\/psoecanarias.com\/web\/wp-json\/wp\/v2\/pages\/4777\/revisions\/4783"}],"wp:featuredmedia":[{"embeddable":true,"href":"https:\/\/psoecanarias.com\/web\/wp-json\/wp\/v2\/media\/4778"}],"wp:attachment":[{"href":"https:\/\/psoecanarias.com\/web\/wp-json\/wp\/v2\/media?parent=4777"}],"curies":[{"name":"wp","href":"https:\/\/api.w.org\/{rel}","templated":true}]}}