{"id":8330,"date":"2020-02-24T11:19:58","date_gmt":"2020-02-24T11:19:58","guid":{"rendered":"http:\/\/2020.psoecanarias.com\/?post_type=persona&#038;p=7414"},"modified":"2026-01-12T09:41:07","modified_gmt":"2026-01-12T09:41:07","slug":"angel-victor-torres-perez","status":"publish","type":"persona_pods","link":"https:\/\/psoecanarias.com\/web\/persona-pods\/angel-victor-torres-perez\/","title":{"rendered":"\u00c1ngel V\u00edctor Torres P\u00e9rez"},"content":{"rendered":"\r\n<p class=\"has-text-align-left\">Nacido en Arucas (Las Palmas) en 1966, el secretario general del PSOE Canarias y presidente del Gobierno Aut\u00f3nomo entre 2019 y 2023 es, desde noviembre de 2023, ministro del Gobierno de Espa\u00f1a al frente de la cartera de Pol\u00edtica Territorial y Memoria Democr\u00e1tica.<\/p>\r\n\r\n\r\n\r\n<p class=\"has-text-align-left\">Torres se licenci\u00f3 en Filolog\u00eda Hisp\u00e1nica en la Universidad de La Laguna en 1989 y accedi\u00f3 a un puesto de profesor de Secundaria como funcionario en 1991, despu\u00e9s de aprobar las oposiciones y haber estudiado el doctorado. Est\u00e1 casado y tiene un hijo.<\/p>\r\n\r\n\r\n\r\n<p class=\"has-text-align-left\">Su andadura pol\u00edtica comenz\u00f3 en el a\u00f1o 1999, cuando ejerci\u00f3 como concejal de su localidad natal. Tambi\u00e9n portavoz socialista desde 2001 y alcalde de Arucas en los mandatos 2003-2007 y 2011-2015, adem\u00e1s de primer teniente de alcalde de su municipio de 2009 a 2011.<\/p>\r\n\r\n\r\n\r\n<p class=\"has-text-align-left\">En este \u00faltimo periodo, de 2009 a 2011, dio el salto a la pol\u00edtica nacional al sustituir como diputado en el Congreso por la provincia de Las Palmas al exministro de Justicia y europarlamentario Juan Fernando L\u00f3pez Aguilar. Durante esos dos a\u00f1os, compagin\u00f3 su trabajo en Madrid con su actividad en el Archipi\u00e9lago.<\/p>\r\n\r\n\r\n\r\n<p class=\"has-text-align-left\">Torres tambi\u00e9n ha sido vicepresidente cuarto de la Federaci\u00f3n Canaria de Municipios, entre 2003 y 2007, y presidente de la Comisi\u00f3n de Educaci\u00f3n de la FECAM, entre 2011 y 2015.<\/p>\r\n\r\n\r\n\r\n<p class=\"has-text-align-left\">Amante de la lectura y la escritura, el l\u00edder de los socialistas canarios tiene publicado un conjunto de relatos, acc\u00e9sit del premio Ciudad de Santa Cruz y vencedor de otros galardones literarios.<\/p>\r\n\r\n\r\n\r\n<p class=\"has-text-align-left\">En la legislatura 2015-2019 fue vicepresidente y consejero de Obras P\u00fablicas, Infraestructura y Deportes del Cabildo de Gran Canaria.<\/p>\r\n\r\n\r\n\r\n<p>En 2017 fue elegido, mediante proceso de primarias, secretario general del PSOE Canarias, condici\u00f3n que ha renovado en 2021 (14\u00ba Congreso Regional, Gran Canaria) y 2025 (15\u00ba Congreso Regional, Tenerife).<\/p>\r\n\r\n\r\n\r\n<p class=\"has-text-align-left\">Fue el candidato del PSOE Canarias a la Presidencia del Gobierno de Canarias en las pasadas elecciones del 26 de mayo de 2019, resultando ganador en votos y en esca\u00f1os.<\/p>\r\n\r\n\r\n\r\n<p class=\"has-text-align-left\">Desde junio de 2019 a mayo de 2023, \u00c1ngel V\u00edctor Torres fue el segundo presidente socialista de Canarias despu\u00e9s de Jer\u00f3nimo Saavedra, presidente de 1983 a 1987 y de 1991 a 1993.<\/p>\r\n\r\n\r\n\r\n<p class=\"has-text-align-left\">En las \u00faltimas elecciones auton\u00f3micas, celebradas el 28 de mayo de 2023, volvi\u00f3 a ser el candidato m\u00e1s votado para presidir Canarias; lo impidi\u00f3 un pacto entre la segunda y la tercera fuerza, CC y PP.<\/p>\r\n\r\n\r\n\r\n<p class=\"has-text-align-left\">Empez\u00f3 la legislatura como presidente del Grupo Socialista en el Parlamento de Canarias, hasta que el 20 de noviembre de 2023 se confirm\u00f3 su incorporaci\u00f3n al nuevo Consejo de Ministros del Gobierno de Espa\u00f1a, al frente del ministerio de Pol\u00edtica Territorial y Memoria Democr\u00e1tica.<\/p>\r\n<p style=\"text-align: center;\"><a href=\"https:\/\/psoecanarias.com\/web\/wp-content\/uploads\/2026\/01\/TORRES-PEREZ.odt\"><em>Descargar informaci\u00f3n en formato editable<\/em><\/a><\/p>\r\n","protected":false},"excerpt":{"rendered":"<p>Nacido en Arucas (Las Palmas) en 1966, el secretario general del PSOE Canarias y presidente del Gobierno Aut\u00f3nomo entre 2019 y 2023 es, desde noviembre de 2023, ministro del Gobierno de Espa\u00f1a al frente de la cartera de Pol\u00edtica Territorial y Memoria Democr\u00e1tica. Torres se licenci\u00f3 en Filolog\u00eda Hisp\u00e1nica en la Universidad de La Laguna [&hellip;]<\/p>\n","protected":false},"featured_media":9534,"template":"","seccion_pods":[1179],"class_list":["post-8330","persona_pods","type-persona_pods","status-publish","has-post-thumbnail","hentry","seccion_pods-comision-ejecutiva-regional"],"yoast_head":"<!-- This site is optimized with the Yoast SEO plugin v27.2 - https:\/\/yoast.com\/product\/yoast-seo-wordpress\/ -->\n<title>\u00c1ngel V\u00edctor Torres P\u00e9rez | PSOE Canarias<\/title>\n<meta name=\"robots\" content=\"noindex, follow\" \/>\n<meta property=\"og:locale\" content=\"es_ES\" \/>\n<meta property=\"og:type\" content=\"article\" \/>\n<meta property=\"og:title\" content=\"\u00c1ngel V\u00edctor Torres P\u00e9rez | PSOE Canarias\" \/>\n<meta property=\"og:description\" content=\"Nacido en Arucas (Las Palmas) en 1966, el secretario general del PSOE Canarias y presidente del Gobierno Aut\u00f3nomo entre 2019 y 2023 es, desde noviembre de 2023, ministro del Gobierno de Espa\u00f1a al frente de la cartera de Pol\u00edtica Territorial y Memoria Democr\u00e1tica. Torres se licenci\u00f3 en Filolog\u00eda Hisp\u00e1nica en la Universidad de La Laguna [&hellip;]\" \/>\n<meta property=\"og:url\" content=\"https:\/\/psoecanarias.com\/web\/persona-pods\/angel-victor-torres-perez\/\" \/>\n<meta property=\"og:site_name\" content=\"PSOE Canarias\" \/>\n<meta property=\"article:modified_time\" content=\"2026-01-12T09:41:07+00:00\" \/>\n<meta property=\"og:image\" content=\"https:\/\/psoecanarias.com\/web\/wp-content\/uploads\/2020\/02\/49048389422_87f02ae3c3_c.jpg\" \/>\n\t<meta property=\"og:image:width\" content=\"800\" \/>\n\t<meta property=\"og:image:height\" content=\"534\" \/>\n\t<meta property=\"og:image:type\" content=\"image\/jpeg\" \/>\n<meta name=\"twitter:card\" content=\"summary_large_image\" \/>\n<script type=\"application\/ld+json\" class=\"yoast-schema-graph\">{\"@context\":\"https:\/\/schema.org\",\"@graph\":[{\"@type\":\"WebPage\",\"@id\":\"https:\/\/psoecanarias.com\/web\/persona-pods\/angel-victor-torres-perez\/\",\"url\":\"https:\/\/psoecanarias.com\/web\/persona-pods\/angel-victor-torres-perez\/\",\"name\":\"\u00c1ngel V\u00edctor Torres P\u00e9rez | PSOE Canarias\",\"isPartOf\":{\"@id\":\"https:\/\/psoecanarias.com\/web\/#website\"},\"primaryImageOfPage\":{\"@id\":\"https:\/\/psoecanarias.com\/web\/persona-pods\/angel-victor-torres-perez\/#primaryimage\"},\"image\":{\"@id\":\"https:\/\/psoecanarias.com\/web\/persona-pods\/angel-victor-torres-perez\/#primaryimage\"},\"thumbnailUrl\":\"https:\/\/psoecanarias.com\/web\/wp-content\/uploads\/2020\/02\/49048389422_87f02ae3c3_c.jpg\",\"datePublished\":\"2020-02-24T11:19:58+00:00\",\"dateModified\":\"2026-01-12T09:41:07+00:00\",\"breadcrumb\":{\"@id\":\"https:\/\/psoecanarias.com\/web\/persona-pods\/angel-victor-torres-perez\/#breadcrumb\"},\"inLanguage\":\"es\",\"potentialAction\":[{\"@type\":\"ReadAction\",\"target\":[\"https:\/\/psoecanarias.com\/web\/persona-pods\/angel-victor-torres-perez\/\"]}]},{\"@type\":\"ImageObject\",\"inLanguage\":\"es\",\"@id\":\"https:\/\/psoecanarias.com\/web\/persona-pods\/angel-victor-torres-perez\/#primaryimage\",\"url\":\"https:\/\/psoecanarias.com\/web\/wp-content\/uploads\/2020\/02\/49048389422_87f02ae3c3_c.jpg\",\"contentUrl\":\"https:\/\/psoecanarias.com\/web\/wp-content\/uploads\/2020\/02\/49048389422_87f02ae3c3_c.jpg\",\"width\":800,\"height\":534},{\"@type\":\"BreadcrumbList\",\"@id\":\"https:\/\/psoecanarias.com\/web\/persona-pods\/angel-victor-torres-perez\/#breadcrumb\",\"itemListElement\":[{\"@type\":\"ListItem\",\"position\":1,\"name\":\"Portada\",\"item\":\"https:\/\/psoecanarias.com\/web\/\"},{\"@type\":\"ListItem\",\"position\":2,\"name\":\"\u00c1ngel V\u00edctor Torres P\u00e9rez\"}]},{\"@type\":\"WebSite\",\"@id\":\"https:\/\/psoecanarias.com\/web\/#website\",\"url\":\"https:\/\/psoecanarias.com\/web\/\",\"name\":\"PSOE Canarias\",\"description\":\"Partido Socialista Obrero Espa\u00f1ol Canarias\",\"potentialAction\":[{\"@type\":\"SearchAction\",\"target\":{\"@type\":\"EntryPoint\",\"urlTemplate\":\"https:\/\/psoecanarias.com\/web\/?s={search_term_string}\"},\"query-input\":{\"@type\":\"PropertyValueSpecification\",\"valueRequired\":true,\"valueName\":\"search_term_string\"}}],\"inLanguage\":\"es\"}]}<\/script>\n<!-- \/ Yoast SEO plugin. -->","yoast_head_json":{"title":"\u00c1ngel V\u00edctor Torres P\u00e9rez | PSOE Canarias","robots":{"index":"noindex","follow":"follow"},"og_locale":"es_ES","og_type":"article","og_title":"\u00c1ngel V\u00edctor Torres P\u00e9rez | PSOE Canarias","og_description":"Nacido en Arucas (Las Palmas) en 1966, el secretario general del PSOE Canarias y presidente del Gobierno Aut\u00f3nomo entre 2019 y 2023 es, desde noviembre de 2023, ministro del Gobierno de Espa\u00f1a al frente de la cartera de Pol\u00edtica Territorial y Memoria Democr\u00e1tica. Torres se licenci\u00f3 en Filolog\u00eda Hisp\u00e1nica en la Universidad de La Laguna [&hellip;]","og_url":"https:\/\/psoecanarias.com\/web\/persona-pods\/angel-victor-torres-perez\/","og_site_name":"PSOE Canarias","article_modified_time":"2026-01-12T09:41:07+00:00","og_image":[{"width":800,"height":534,"url":"https:\/\/psoecanarias.com\/web\/wp-content\/uploads\/2020\/02\/49048389422_87f02ae3c3_c.jpg","type":"image\/jpeg"}],"twitter_card":"summary_large_image","schema":{"@context":"https:\/\/schema.org","@graph":[{"@type":"WebPage","@id":"https:\/\/psoecanarias.com\/web\/persona-pods\/angel-victor-torres-perez\/","url":"https:\/\/psoecanarias.com\/web\/persona-pods\/angel-victor-torres-perez\/","name":"\u00c1ngel V\u00edctor Torres P\u00e9rez | PSOE Canarias","isPartOf":{"@id":"https:\/\/psoecanarias.com\/web\/#website"},"primaryImageOfPage":{"@id":"https:\/\/psoecanarias.com\/web\/persona-pods\/angel-victor-torres-perez\/#primaryimage"},"image":{"@id":"https:\/\/psoecanarias.com\/web\/persona-pods\/angel-victor-torres-perez\/#primaryimage"},"thumbnailUrl":"https:\/\/psoecanarias.com\/web\/wp-content\/uploads\/2020\/02\/49048389422_87f02ae3c3_c.jpg","datePublished":"2020-02-24T11:19:58+00:00","dateModified":"2026-01-12T09:41:07+00:00","breadcrumb":{"@id":"https:\/\/psoecanarias.com\/web\/persona-pods\/angel-victor-torres-perez\/#breadcrumb"},"inLanguage":"es","potentialAction":[{"@type":"ReadAction","target":["https:\/\/psoecanarias.com\/web\/persona-pods\/angel-victor-torres-perez\/"]}]},{"@type":"ImageObject","inLanguage":"es","@id":"https:\/\/psoecanarias.com\/web\/persona-pods\/angel-victor-torres-perez\/#primaryimage","url":"https:\/\/psoecanarias.com\/web\/wp-content\/uploads\/2020\/02\/49048389422_87f02ae3c3_c.jpg","contentUrl":"https:\/\/psoecanarias.com\/web\/wp-content\/uploads\/2020\/02\/49048389422_87f02ae3c3_c.jpg","width":800,"height":534},{"@type":"BreadcrumbList","@id":"https:\/\/psoecanarias.com\/web\/persona-pods\/angel-victor-torres-perez\/#breadcrumb","itemListElement":[{"@type":"ListItem","position":1,"name":"Portada","item":"https:\/\/psoecanarias.com\/web\/"},{"@type":"ListItem","position":2,"name":"\u00c1ngel V\u00edctor Torres P\u00e9rez"}]},{"@type":"WebSite","@id":"https:\/\/psoecanarias.com\/web\/#website","url":"https:\/\/psoecanarias.com\/web\/","name":"PSOE Canarias","description":"Partido Socialista Obrero Espa\u00f1ol Canarias","potentialAction":[{"@type":"SearchAction","target":{"@type":"EntryPoint","urlTemplate":"https:\/\/psoecanarias.com\/web\/?s={search_term_string}"},"query-input":{"@type":"PropertyValueSpecification","valueRequired":true,"valueName":"search_term_string"}}],"inLanguage":"es"}]}},"_links":{"self":[{"href":"https:\/\/psoecanarias.com\/web\/wp-json\/wp\/v2\/persona_pods\/8330","targetHints":{"allow":["GET"]}}],"collection":[{"href":"https:\/\/psoecanarias.com\/web\/wp-json\/wp\/v2\/persona_pods"}],"about":[{"href":"https:\/\/psoecanarias.com\/web\/wp-json\/wp\/v2\/types\/persona_pods"}],"wp:featuredmedia":[{"embeddable":true,"href":"https:\/\/psoecanarias.com\/web\/wp-json\/wp\/v2\/media\/9534"}],"wp:attachment":[{"href":"https:\/\/psoecanarias.com\/web\/wp-json\/wp\/v2\/media?parent=8330"}],"wp:term":[{"taxonomy":"seccion_pods","embeddable":true,"href":"https:\/\/psoecanarias.com\/web\/wp-json\/wp\/v2\/seccion_pods?post=8330"}],"curies":[{"name":"wp","href":"https:\/\/api.w.org\/{rel}","templated":true}]}}